{"id":68,"date":"2023-11-22T14:47:05","date_gmt":"2023-11-22T14:47:05","guid":{"rendered":"https:\/\/ceisi.me\/?post_type=campaign&#038;p=68"},"modified":"2023-12-28T14:44:19","modified_gmt":"2023-12-28T14:44:19","slug":"kampanja-za-spas-instituta-dr-simo-milosevic-igalo","status":"publish","type":"campaign","link":"https:\/\/ceisi.me\/en\/kampanje\/kampanja-za-spas-instituta-dr-simo-milosevic-igalo\/","title":{"rendered":"Kampanja za spas Instituta \u201cDr Simo Milo\u0161evi\u0107\u201d Igalo"},"content":{"rendered":"\n<div class=\"wp-block-genesis-blocks-gb-columns gb-layout-service-3 gb-layout-columns-2 gb-2-col-equal has-light-blue-2-background-color gb-columns-center alignfull\" style=\"padding-top:7%;padding-right:5%;padding-bottom:5%;padding-left:5%\"><div class=\"gb-layout-column-wrap gb-block-layout-column-gap-5 gb-is-responsive-column\" style=\"max-width:1642px\">\n<div class=\"wp-block-genesis-blocks-gb-column gb-block-layout-column gb-is-vertically-aligned-center\"><div class=\"gb-block-layout-column-inner\">\n<h2 class=\"wp-block-heading has-dark-blue-color has-text-color has-link-color has-size-32-font-size wp-elements-65734009a3af29d604be342ee6cde3ab\" style=\"font-style:normal;font-weight:500\">O kampanji<\/h2>\n\n\n\n<p class=\"lg:mr-8 has-dark-blue-color has-text-color has-link-color wp-elements-9a751cc4b7d6265ce36ccd818b2eb0fe\">Potpisivanje je po\u010delo u Herceg Novom, nakon protesta radnika Instituta i dvo\u010dasovne blokade grani\u010dnih prelaza sa Hrvatskom. U op\u0161tinama \u0161irom Crne Gore, zajedno sa predstavnicima Op\u0161tine Herceg Novi i Sindikalne organizacije Instituta, Unija slobodnih sindikata Crne Gore otvorila je \u0161tandove za potpisivanje peticije kao vid podr\u0161ke borbi za o\u010duvanje ovog giganta crnogorskog zdravstvenog turizma, koju Sindikalna organizacija \u201cDr Simo Milo\u0161evi\u0107\u201d Igalo sprovodi mjesecima unazad.<\/p>\n<\/div><\/div>\n\n\n\n<div class=\"wp-block-genesis-blocks-gb-column gb-block-layout-column gb-is-vertically-aligned-center\"><div class=\"gb-block-layout-column-inner\">\n<figure class=\"wp-block-image size-full\"><img loading=\"lazy\" decoding=\"async\" width=\"661\" height=\"461\" src=\"https:\/\/ceisi.me\/wp-content\/uploads\/2023\/11\/Rectangle-447.jpg\" alt=\"\" class=\"wp-image-92\" style=\"object-fit:cover\" srcset=\"https:\/\/ceisi.me\/wp-content\/uploads\/2023\/11\/Rectangle-447.jpg 661w, https:\/\/ceisi.me\/wp-content\/uploads\/2023\/11\/Rectangle-447-300x209.jpg 300w, https:\/\/ceisi.me\/wp-content\/uploads\/2023\/11\/Rectangle-447-18x12.jpg 18w\" sizes=\"auto, (max-width: 661px) 100vw, 661px\" \/><\/figure>\n\n\n\n<p><\/p>\n<\/div><\/div>\n<\/div><\/div>\n\n\n\n<div class=\"wp-block-genesis-blocks-gb-columns gb-layout-service-3 gb-layout-columns-2 gb-2-col-equal has-light-blue-2-background-color gb-columns-center alignfull\" style=\"padding-top:5%;padding-right:5%;padding-bottom:7%;padding-left:5%\"><div class=\"gb-layout-column-wrap gb-block-layout-column-gap-5 gb-is-responsive-column\" style=\"max-width:1642px\">\n<div class=\"wp-block-genesis-blocks-gb-column gb-block-layout-column\"><div class=\"gb-block-layout-column-inner\">\n<figure class=\"wp-block-image size-full\"><img loading=\"lazy\" decoding=\"async\" width=\"668\" height=\"449\" src=\"https:\/\/ceisi.me\/wp-content\/uploads\/2023\/11\/Rectangle-446.jpg\" alt=\"\" class=\"wp-image-90\" style=\"object-fit:cover\" srcset=\"https:\/\/ceisi.me\/wp-content\/uploads\/2023\/11\/Rectangle-446.jpg 668w, https:\/\/ceisi.me\/wp-content\/uploads\/2023\/11\/Rectangle-446-300x202.jpg 300w, https:\/\/ceisi.me\/wp-content\/uploads\/2023\/11\/Rectangle-446-18x12.jpg 18w\" sizes=\"auto, (max-width: 668px) 100vw, 668px\" \/><\/figure>\n<\/div><\/div>\n\n\n\n<div class=\"wp-block-genesis-blocks-gb-column gb-block-layout-column gb-is-vertically-aligned-center\"><div class=\"gb-block-layout-column-inner\">\n<h2 class=\"wp-block-heading has-dark-blue-color has-text-color has-link-color has-size-32-font-size wp-elements-a31e1bb12bfdc0e2d16ba1d177c8a264\" style=\"font-style:normal;font-weight:500\">O konferenciji<\/h2>\n\n\n\n<p class=\"lg:mr-8 has-dark-blue-color has-text-color has-link-color wp-elements-b340c5c98802b81e2baa5de661d6d5c1\">13 terenskih posjeta i potpisivanje peticije u kolektivima iz razli\u010ditih djelatnosti finalizovani su tematskom konferencijom pod nazivom \u201eDijalogom za spas Instituta \u00bbDr Simo Milo\u0161evi\u0107\u00ab Igalo\u201c u organizaciji USSCG i Sindikalne organizacije Instituta \u00bbDr Simo Milo\u0161evi\u0107\u00ab Igalo, odr\u017eanom 26.09.2023. u Media centru USSCG. Na konferenciji, na kojoj su u\u010de\u0161\u0107e uzeli svi relevantni subjekti, predstavljeno je vi\u0161e mogu\u0107ih modela za o\u010duvanje Instituta \u0161to je pokazalo da je u prethodnom periodu u potpunosti izostao me\u0111usobni dijalog donosilaca odluka i svih zainteresovanih za budu\u0107nost Instituta. <\/p>\n<\/div><\/div>\n<\/div><\/div>\n\n\n\n<div class=\"wp-block-genesis-blocks-gb-columns gb-layout-service-3 gb-layout-columns-2 gb-2-col-equal gb-columns-center alignfull\" style=\"padding-top:7%;padding-right:5%;padding-bottom:7%;padding-left:5%\"><div class=\"gb-layout-column-wrap gb-block-layout-column-gap-5 gb-is-responsive-column\" style=\"max-width:1642px\">\n<div class=\"wp-block-genesis-blocks-gb-column gb-block-layout-column gb-is-vertically-aligned-center\"><div class=\"gb-block-layout-column-inner\"><style>.gb-69f2b7259ded8{font-size: 3rem;}@media only screen and (max-width: 600px) {.gb-69f2b7259ded8{font-size: 2rem!important;}}<\/style>\n<h2 class=\"gb-69f2b7259ded8 wp-block-heading has-dark-blue-color has-text-color has-link-color has-size-48-font-size wp-elements-3d550dd01fc1612bb70e458fe84471df\" style=\"font-style:normal;font-weight:600\">\u0160ta se postiglo sa kampanjom<\/h2>\n<\/div><\/div>\n\n\n\n<div class=\"wp-block-genesis-blocks-gb-column gb-block-layout-column gb-is-vertically-aligned-center\"><div class=\"gb-block-layout-column-inner\">\n<p class=\"lg:mr-8 has-dark-blue-color has-text-color has-link-color wp-elements-fdc120db4919c09f7a18c361f2323f8d\">Ovom kampanjom Unija slobodnih sindiakta Crne Gore ujedno je pokazala odlu\u010dnost u realizaciji svoje kongresne rezolucije o za\u0161titi privrednih subjekata od nacionalnog interesa, me\u0111u kojim subjektima je svakako Institut Igalo. Do dana odr\u017eavanja konferencije prikupljeno je gotovo 19.000 potpisa podr\u0161ke gra\u0111ana\/ki Crne Gore.<\/p>\n<\/div><\/div>\n<\/div><\/div>\n\n\n<section class=\"bg-dark-blue mx-[calc(50%-50vw)] max-w-[100dvw] w-[100dvw] py-11 lg:py-16 xl:py-28\">\n    <div class=\"container flex flex-col mx-auto lg:items-center lg:justify-between lg:flex-row lg:gap-10\">\n        <h4 class=\"font-semibold leading-tight text-white text-size32 lg:text-size40\">Podr\u017eite kampanju!<\/h4>\n        <p class=\"mt-4 font-medium text-size14 lg:text-size16 text-white\/60 lg:mt-0 !mb-0 lg:max-w-lg\">Podaci se prikupljaju isklju\u010divo zbog kontaktiranja korisnika o aktuelnostima koje se ti\u010du kampanje.<\/p>\n                    <button data-modal-target=\"campaign-modal\" data-modal-toggle=\"campaign-modal\" class=\"flex justify-center w-full py-5 mt-8 font-semibold leading-5 text-center text-size14 lg:text-size16 lg:px-10 px-7 lg:mt-0 text-dark bg-secondary lg:w-auto\" type=\"button\">Podr\u017ei kampanju<\/button>\n            <\/div>\n<\/section>\n\n<section class=\"mx-[calc(50%-50vw)] max-w-[100dvw] w-[100dvw] py-11 lg:py-16 xl:py-28\">\n    <h4 class=\"font-semibold leading-tight text-center text-dark text-size36 lg:text-size48 lg:font-bold\">Foto galerija<\/h4>\n            <div class=\"relative mt-8 splide gallery lg:mt-16\" aria-label=\"Gallery\">\n            <div class=\"splide__track\">\n                <div class=\"splide__list\">\n                                            <div class=\"splide__slide\">\n                            <img decoding=\"async\" class=\"lg:h-[28.5rem] h-48 object-cover\" src=\"https:\/\/ceisi.me\/wp-content\/uploads\/2023\/11\/slika5.jpg\" alt=\"\">\n                        <\/div>\n                                            <div class=\"splide__slide\">\n                            <img decoding=\"async\" class=\"lg:h-[28.5rem] h-48 object-cover\" src=\"https:\/\/ceisi.me\/wp-content\/uploads\/2023\/11\/slika4.jpg\" alt=\"\">\n                        <\/div>\n                                            <div class=\"splide__slide\">\n                            <img decoding=\"async\" class=\"lg:h-[28.5rem] h-48 object-cover\" src=\"https:\/\/ceisi.me\/wp-content\/uploads\/2023\/11\/9.jpg\" alt=\"\">\n                        <\/div>\n                                            <div class=\"splide__slide\">\n                            <img decoding=\"async\" class=\"lg:h-[28.5rem] h-48 object-cover\" src=\"https:\/\/ceisi.me\/wp-content\/uploads\/2023\/11\/8.jpg\" alt=\"\">\n                        <\/div>\n                                            <div class=\"splide__slide\">\n                            <img decoding=\"async\" class=\"lg:h-[28.5rem] h-48 object-cover\" src=\"https:\/\/ceisi.me\/wp-content\/uploads\/2023\/11\/7.jpg\" alt=\"\">\n                        <\/div>\n                                            <div class=\"splide__slide\">\n                            <img decoding=\"async\" class=\"lg:h-[28.5rem] h-48 object-cover\" src=\"https:\/\/ceisi.me\/wp-content\/uploads\/2023\/11\/6.jpg\" alt=\"\">\n                        <\/div>\n                                            <div class=\"splide__slide\">\n                            <img decoding=\"async\" class=\"lg:h-[28.5rem] h-48 object-cover\" src=\"https:\/\/ceisi.me\/wp-content\/uploads\/2023\/11\/5.jpg\" alt=\"\">\n                        <\/div>\n                                    <\/div>\n            <\/div>\n        <\/div>\n    <\/section>\n<script>\n    document.addEventListener('DOMContentLoaded', () => {\n        const gallery = new Splide('.gallery', {\n            gap: '2.5rem',\n            focus: 'center',\n            padding: '30%',\n            type: 'loop',\n            arrows: false,\n            snap: true,\n            breakpoints: {\n                959: {\n                    padding: '20%',\n                },\n            }\n        });\n\n        gallery.on('pagination:mounted', function(data) {\n            data.list.classList.add('splide__pagination--gallery');\n        });\n\n        gallery.mount();\n    });\n<\/script>","protected":false},"excerpt":{"rendered":"<p>Kampanja za spas Instituta \u201cDr Simo Milo\u0161evi\u0107\u201d Igalo otpo\u010dela je 03. avgusta uz potpisivanje peticije pod motom \u201cSvi zajedno kao jedan, Institut je svima vrijedan\u201d.<\/p>\n","protected":false},"featured_media":69,"template":"","campaign_status":[72],"class_list":["post-68","campaign","type-campaign","status-publish","has-post-thumbnail","hentry","campaign_status-aktivan"],"acf":[],"yoast_head":"<!-- This site is optimized with the Yoast SEO Premium plugin v21.7 (Yoast SEO v21.7) - https:\/\/yoast.com\/wordpress\/plugins\/seo\/ -->\n<title>Kampanja za spas Instituta \u201cDr Simo Milo\u0161evi\u0107\u201d Igalo - CEISI<\/title>\n<meta name=\"robots\" content=\"index, follow, max-snippet:-1, max-image-preview:large, max-video-preview:-1\" \/>\n<link rel=\"canonical\" href=\"https:\/\/ceisi.me\/en\/kampanje\/kampanja-za-spas-instituta-dr-simo-milosevic-igalo\/\" \/>\n<meta property=\"og:locale\" content=\"en_US\" \/>\n<meta property=\"og:type\" content=\"article\" \/>\n<meta property=\"og:title\" content=\"Kampanja za spas Instituta \u201cDr Simo Milo\u0161evi\u0107\u201d Igalo - CEISI\" \/>\n<meta property=\"og:description\" content=\"Kampanja za spas Instituta \u201cDr Simo Milo\u0161evi\u0107\u201d Igalo otpo\u010dela je 03. avgusta uz potpisivanje peticije pod motom \u201cSvi zajedno kao jedan, Institut je svima vrijedan\u201d.\" \/>\n<meta property=\"og:url\" content=\"https:\/\/ceisi.me\/en\/kampanje\/kampanja-za-spas-instituta-dr-simo-milosevic-igalo\/\" \/>\n<meta property=\"og:site_name\" content=\"CEISI\" \/>\n<meta property=\"article:modified_time\" content=\"2023-12-28T14:44:19+00:00\" \/>\n<meta property=\"og:image\" content=\"https:\/\/ceisi.me\/wp-content\/uploads\/2023\/11\/kampanja.png\" \/>\n\t<meta property=\"og:image:width\" content=\"946\" \/>\n\t<meta property=\"og:image:height\" content=\"568\" \/>\n\t<meta property=\"og:image:type\" content=\"image\/png\" \/>\n<meta name=\"twitter:card\" content=\"summary_large_image\" \/>\n<meta name=\"twitter:label1\" content=\"Est. reading time\" \/>\n\t<meta name=\"twitter:data1\" content=\"2 minutes\" \/>\n<script type=\"application\/ld+json\" class=\"yoast-schema-graph\">{\"@context\":\"https:\/\/schema.org\",\"@graph\":[{\"@type\":\"WebPage\",\"@id\":\"https:\/\/ceisi.me\/kampanje\/kampanja-za-spas-instituta-dr-simo-milosevic-igalo\/\",\"url\":\"https:\/\/ceisi.me\/kampanje\/kampanja-za-spas-instituta-dr-simo-milosevic-igalo\/\",\"name\":\"Kampanja za spas Instituta \u201cDr Simo Milo\u0161evi\u0107\u201d Igalo - CEISI\",\"isPartOf\":{\"@id\":\"https:\/\/ceisi.me\/#website\"},\"datePublished\":\"2023-11-22T14:47:05+00:00\",\"dateModified\":\"2023-12-28T14:44:19+00:00\",\"breadcrumb\":{\"@id\":\"https:\/\/ceisi.me\/kampanje\/kampanja-za-spas-instituta-dr-simo-milosevic-igalo\/#breadcrumb\"},\"inLanguage\":\"en-US\",\"potentialAction\":[{\"@type\":\"ReadAction\",\"target\":[\"https:\/\/ceisi.me\/kampanje\/kampanja-za-spas-instituta-dr-simo-milosevic-igalo\/\"]}]},{\"@type\":\"BreadcrumbList\",\"@id\":\"https:\/\/ceisi.me\/kampanje\/kampanja-za-spas-instituta-dr-simo-milosevic-igalo\/#breadcrumb\",\"itemListElement\":[{\"@type\":\"ListItem\",\"position\":1,\"name\":\"Po\u010detna\",\"item\":\"https:\/\/ceisi.me\/\"},{\"@type\":\"ListItem\",\"position\":2,\"name\":\"Kampanje\",\"item\":\"https:\/\/ceisi.me\/campaign\/\"},{\"@type\":\"ListItem\",\"position\":3,\"name\":\"Kampanja za spas Instituta \u201cDr Simo Milo\u0161evi\u0107\u201d Igalo\"}]},{\"@type\":\"WebSite\",\"@id\":\"https:\/\/ceisi.me\/#website\",\"url\":\"https:\/\/ceisi.me\/\",\"name\":\"CEISI\",\"description\":\"Centar za edukaciju, informisanje i sindikalna istra\u017eivanja\",\"publisher\":{\"@id\":\"https:\/\/ceisi.me\/#organization\"},\"potentialAction\":[{\"@type\":\"SearchAction\",\"target\":{\"@type\":\"EntryPoint\",\"urlTemplate\":\"https:\/\/ceisi.me\/?s={search_term_string}\"},\"query-input\":\"required name=search_term_string\"}],\"inLanguage\":\"en-US\"},{\"@type\":\"Organization\",\"@id\":\"https:\/\/ceisi.me\/#organization\",\"name\":\"CEISI\",\"url\":\"https:\/\/ceisi.me\/\",\"logo\":{\"@type\":\"ImageObject\",\"inLanguage\":\"en-US\",\"@id\":\"https:\/\/ceisi.me\/#\/schema\/logo\/image\/\",\"url\":\"https:\/\/ceisi.me\/wp-content\/uploads\/2023\/12\/logo-1.svg\",\"contentUrl\":\"https:\/\/ceisi.me\/wp-content\/uploads\/2023\/12\/logo-1.svg\",\"caption\":\"CEISI\"},\"image\":{\"@id\":\"https:\/\/ceisi.me\/#\/schema\/logo\/image\/\"}}]}<\/script>\n<!-- \/ Yoast SEO Premium plugin. -->","yoast_head_json":{"title":"Kampanja za spas Instituta \u201cDr Simo Milo\u0161evi\u0107\u201d Igalo - CEISI","robots":{"index":"index","follow":"follow","max-snippet":"max-snippet:-1","max-image-preview":"max-image-preview:large","max-video-preview":"max-video-preview:-1"},"canonical":"https:\/\/ceisi.me\/en\/kampanje\/kampanja-za-spas-instituta-dr-simo-milosevic-igalo\/","og_locale":"en_US","og_type":"article","og_title":"Kampanja za spas Instituta \u201cDr Simo Milo\u0161evi\u0107\u201d Igalo - CEISI","og_description":"Kampanja za spas Instituta \u201cDr Simo Milo\u0161evi\u0107\u201d Igalo otpo\u010dela je 03. avgusta uz potpisivanje peticije pod motom \u201cSvi zajedno kao jedan, Institut je svima vrijedan\u201d.","og_url":"https:\/\/ceisi.me\/en\/kampanje\/kampanja-za-spas-instituta-dr-simo-milosevic-igalo\/","og_site_name":"CEISI","article_modified_time":"2023-12-28T14:44:19+00:00","og_image":[{"width":946,"height":568,"url":"https:\/\/ceisi.me\/wp-content\/uploads\/2023\/11\/kampanja.png","type":"image\/png"}],"twitter_card":"summary_large_image","twitter_misc":{"Est. reading time":"2 minutes"},"schema":{"@context":"https:\/\/schema.org","@graph":[{"@type":"WebPage","@id":"https:\/\/ceisi.me\/kampanje\/kampanja-za-spas-instituta-dr-simo-milosevic-igalo\/","url":"https:\/\/ceisi.me\/kampanje\/kampanja-za-spas-instituta-dr-simo-milosevic-igalo\/","name":"Kampanja za spas Instituta \u201cDr Simo Milo\u0161evi\u0107\u201d Igalo - CEISI","isPartOf":{"@id":"https:\/\/ceisi.me\/#website"},"datePublished":"2023-11-22T14:47:05+00:00","dateModified":"2023-12-28T14:44:19+00:00","breadcrumb":{"@id":"https:\/\/ceisi.me\/kampanje\/kampanja-za-spas-instituta-dr-simo-milosevic-igalo\/#breadcrumb"},"inLanguage":"en-US","potentialAction":[{"@type":"ReadAction","target":["https:\/\/ceisi.me\/kampanje\/kampanja-za-spas-instituta-dr-simo-milosevic-igalo\/"]}]},{"@type":"BreadcrumbList","@id":"https:\/\/ceisi.me\/kampanje\/kampanja-za-spas-instituta-dr-simo-milosevic-igalo\/#breadcrumb","itemListElement":[{"@type":"ListItem","position":1,"name":"Po\u010detna","item":"https:\/\/ceisi.me\/"},{"@type":"ListItem","position":2,"name":"Kampanje","item":"https:\/\/ceisi.me\/campaign\/"},{"@type":"ListItem","position":3,"name":"Kampanja za spas Instituta \u201cDr Simo Milo\u0161evi\u0107\u201d Igalo"}]},{"@type":"WebSite","@id":"https:\/\/ceisi.me\/#website","url":"https:\/\/ceisi.me\/","name":"CEISI","description":"Centar za edukaciju, informisanje i sindikalna istra\u017eivanja","publisher":{"@id":"https:\/\/ceisi.me\/#organization"},"potentialAction":[{"@type":"SearchAction","target":{"@type":"EntryPoint","urlTemplate":"https:\/\/ceisi.me\/?s={search_term_string}"},"query-input":"required name=search_term_string"}],"inLanguage":"en-US"},{"@type":"Organization","@id":"https:\/\/ceisi.me\/#organization","name":"CEISI","url":"https:\/\/ceisi.me\/","logo":{"@type":"ImageObject","inLanguage":"en-US","@id":"https:\/\/ceisi.me\/#\/schema\/logo\/image\/","url":"https:\/\/ceisi.me\/wp-content\/uploads\/2023\/12\/logo-1.svg","contentUrl":"https:\/\/ceisi.me\/wp-content\/uploads\/2023\/12\/logo-1.svg","caption":"CEISI"},"image":{"@id":"https:\/\/ceisi.me\/#\/schema\/logo\/image\/"}}]}},"_links":{"self":[{"href":"https:\/\/ceisi.me\/en\/wp-json\/wp\/v2\/campaign\/68","targetHints":{"allow":["GET"]}}],"collection":[{"href":"https:\/\/ceisi.me\/en\/wp-json\/wp\/v2\/campaign"}],"about":[{"href":"https:\/\/ceisi.me\/en\/wp-json\/wp\/v2\/types\/campaign"}],"wp:featuredmedia":[{"embeddable":true,"href":"https:\/\/ceisi.me\/en\/wp-json\/wp\/v2\/media\/69"}],"wp:attachment":[{"href":"https:\/\/ceisi.me\/en\/wp-json\/wp\/v2\/media?parent=68"}],"wp:term":[{"taxonomy":"campaign_status","embeddable":true,"href":"https:\/\/ceisi.me\/en\/wp-json\/wp\/v2\/campaign_status?post=68"}],"curies":[{"name":"wp","href":"https:\/\/api.w.org\/{rel}","templated":true}]}}